{"id":332,"date":"2025-12-06T17:54:35","date_gmt":"2025-12-06T17:54:35","guid":{"rendered":"https:\/\/www.magicgeekday.be\/?page_id=332"},"modified":"2026-01-06T18:02:01","modified_gmt":"2026-01-06T18:02:01","slug":"notre-histoire","status":"publish","type":"page","link":"https:\/\/www.magicgeekday.be\/index.php\/notre-histoire\/","title":{"rendered":"Ne Pas Confondre est une asbl\u2026"},"content":{"rendered":"\n<p><\/p>\n\n\n\n<p>Enfin, au d\u00e9part, c&rsquo;est surtout un d\u00e9lire entre deux amis, Dan et Fred, qui \u00e9crivent des \u00ab Ne pas confondre \u00bb sur un coin de feuille quand ils ont 15 ans. \u00c7a ne fait rire qu&rsquo;eux, et encore, mais c&rsquo;est d\u00e9j\u00e0 \u00e7a (pas celui de Stephen King, non).<br><br>Et quand ils en ont 48, des ans, et qu&rsquo;\u00e0 ce moment-l\u00e0 Dan est depuis longtemps d\u00e9j\u00e0 l&rsquo;amoureux transi de Maud, qui s&rsquo;av\u00e8re \u00eatre la cousine de Fred (\u00e7a va, vous suivez?), et bien ces trois-l\u00e0 d\u00e9cident soudain que l&rsquo;asbl qu&rsquo;ils sont sur le point de cr\u00e9er s&rsquo;appellera&#8230; Ne Pas Confondre. On ne sait pas pourquoi, c&rsquo;est comme \u00e7a, c&rsquo;est la vie. Le nom et l&rsquo;objet n&rsquo;ont donc rien \u00e0 voir, hormis que c&rsquo;est leur madeleine de prout (pardon). Faut pas confondre.<br><br>Et l&rsquo;objet de Ne Pas Confondre, enfin son sujet, c&rsquo;est de cr\u00e9er des \u00e9v\u00e9nements \u00e0 but caritatif. Car Maud, Dan et Fred sont des gens bons. Et sans nitrate. Enfin, des gens bons, disons des gens bien. Leurs ennemis diront le contraire, mais c&rsquo;est bien normal puisque ce sont leurs ennemis. Si les ennemis deviennent sympas, on ne s&rsquo;en sort plus. Enfin bref.<br><br>Pour l&rsquo;instant, quoi qu&rsquo;il en soit, le projet principal de Ne Pas Confondre, c&rsquo;est l&rsquo;\u00e9v\u00e9nement <a href=\"https:\/\/www.magicgeekday.be\/index.php\/magic-geek-day\/\" data-type=\"page\" data-id=\"350\">Magic Geek Day<\/a>. Mais \u00e7a, c&rsquo;est une autre histoire. Enfin, pas tant que \u00e7a puisqu&rsquo;ils ont cr\u00e9\u00e9 Ne pas Confondre surtout pour \u00e7a (toujours pas celui de Stephen King, non, faites un effort). Mais \u00e7a peut changer. On ne sait jamais dire, avec ces gens-l\u00e0. Mais on vous tient au courant. Pour ne pas confondre.<\/p>\n\n\n\n<p><\/p>\n","protected":false},"excerpt":{"rendered":"<p>Enfin, au d\u00e9part, c&rsquo;est surtout un d\u00e9lire entre deux amis, Dan et Fred, qui \u00e9crivent des \u00ab Ne pas confondre \u00bb sur un coin de feuille quand ils ont 15 ans. \u00c7a ne fait rire qu&rsquo;eux, et encore, mais c&rsquo;est d\u00e9j\u00e0 \u00e7a (pas celui de Stephen King, non). Et quand ils en ont 48, des [&hellip;]<\/p>\n","protected":false},"author":1,"featured_media":0,"parent":0,"menu_order":0,"comment_status":"closed","ping_status":"closed","template":"","meta":{"footnotes":""},"class_list":["post-332","page","type-page","status-publish","hentry"],"_links":{"self":[{"href":"https:\/\/www.magicgeekday.be\/index.php\/wp-json\/wp\/v2\/pages\/332","targetHints":{"allow":["GET"]}}],"collection":[{"href":"https:\/\/www.magicgeekday.be\/index.php\/wp-json\/wp\/v2\/pages"}],"about":[{"href":"https:\/\/www.magicgeekday.be\/index.php\/wp-json\/wp\/v2\/types\/page"}],"author":[{"embeddable":true,"href":"https:\/\/www.magicgeekday.be\/index.php\/wp-json\/wp\/v2\/users\/1"}],"replies":[{"embeddable":true,"href":"https:\/\/www.magicgeekday.be\/index.php\/wp-json\/wp\/v2\/comments?post=332"}],"version-history":[{"count":8,"href":"https:\/\/www.magicgeekday.be\/index.php\/wp-json\/wp\/v2\/pages\/332\/revisions"}],"predecessor-version":[{"id":664,"href":"https:\/\/www.magicgeekday.be\/index.php\/wp-json\/wp\/v2\/pages\/332\/revisions\/664"}],"wp:attachment":[{"href":"https:\/\/www.magicgeekday.be\/index.php\/wp-json\/wp\/v2\/media?parent=332"}],"curies":[{"name":"wp","href":"https:\/\/api.w.org\/{rel}","templated":true}]}}